{"id":42,"date":"2016-10-24T22:13:33","date_gmt":"2016-10-24T20:13:33","guid":{"rendered":"http:\/\/www.marionliotard.com\/?page_id=42"},"modified":"2016-11-12T19:15:14","modified_gmt":"2016-11-12T18:15:14","slug":"cabaret-lyrique","status":"publish","type":"page","link":"http:\/\/www.marionliotard.com\/index.php\/spectacles-lyriques\/cabaret-lyrique\/","title":{"rendered":"Le cabaret lyrique de Madame Eustache et Jeanne Houhou"},"content":{"rendered":"<p><img decoding=\"async\" loading=\"lazy\" class=\" wp-image-55 alignleft\" src=\"http:\/\/www.marionliotard.com\/wp-content\/uploads\/2016\/10\/Cabaret-3-300x198.jpg\" alt=\"cabaret-3\" width=\"282\" height=\"186\" srcset=\"http:\/\/www.marionliotard.com\/wp-content\/uploads\/2016\/10\/Cabaret-3-300x198.jpg 300w, http:\/\/www.marionliotard.com\/wp-content\/uploads\/2016\/10\/Cabaret-3.jpg 500w\" sizes=\"(max-width: 282px) 100vw, 282px\" \/><\/p>\n<p align=\"justify\"><span style=\"font-family: Arial, sans-serif;\"><span style=\"font-size: large;\"><a href=\"http:\/\/www.charlottesalwalabaki.com\/#\" target=\"_blank\">Charlotte<\/a> et Marion se rencontrent au CNIPAL \u00e0 Marseille. Elles se rencontrent donc autour du r\u00e9pertoire d&rsquo;op\u00e9ra et participent \u00e0 l&rsquo;ouverture de Marseille Provence 2013 sur la sc\u00e8ne de l&rsquo;Op\u00e9ra de Marseille.<\/span><\/span><\/p>\n<p align=\"justify\">\u00a0<span style=\"font-family: Arial, sans-serif;\"><span style=\"font-size: large;\"><span style=\"color: #000000;\">Les origines lorraines de Charlotte, \u00e0 la fronti\u00e8re allemande, l&rsquo;inclinent tr\u00e8s t\u00f4t \u00e0 appr\u00e9cier les m\u00e9lodies de Weill. Je ne t&rsquo;aime pas. Youkali. Nanna&rsquo;s lied. Le Grand Lustucru. Elle imagine un spectacle qui unirait dans un m\u00eame esprit ludique Weill le berlinois \u00e0 Poulenc le parisien. Toutes les chansons r\u00e9unies sont d&rsquo;abord des textes, des histoires courtes \u00e0 raconter. Des histoires simples \u00e0 rire \u00e0 pleurer.<\/span><\/span><\/span><\/p>\n<p align=\"justify\"><span style=\"color: #000000;\"><span style=\"font-family: Arial, sans-serif;\"><span style=\"font-size: large;\"><img decoding=\"async\" loading=\"lazy\" class=\" wp-image-51 alignleft\" src=\"http:\/\/www.marionliotard.com\/wp-content\/uploads\/2016\/10\/cabaret-Lyrique-Cahors-17-avril-2016-3-300x200.jpg\" alt=\"cabaret-lyrique-cahors-17-avril-2016-3\" width=\"277\" height=\"185\" srcset=\"http:\/\/www.marionliotard.com\/wp-content\/uploads\/2016\/10\/cabaret-Lyrique-Cahors-17-avril-2016-3-300x200.jpg 300w, http:\/\/www.marionliotard.com\/wp-content\/uploads\/2016\/10\/cabaret-Lyrique-Cahors-17-avril-2016-3.jpg 500w\" sizes=\"(max-width: 277px) 100vw, 277px\" \/>Marion sera au piano pour porter cette musique. Elle y apporte un jeu rythm\u00e9, du swing et sa magnifique \u00e9nergie. Elles joignent alors \u00e0 ce r\u00e9pertoire de cabaret lyrique des m\u00e9lodies de Satie, de Bolcom et Milhaud.<\/span><\/span><\/span><\/p>\n<p align=\"justify\"><span style=\"color: #000000;\"><span style=\"font-family: Arial, sans-serif;\"><span style=\"font-size: large;\">\u00ab\u00a0Le Cabaret Lyrique de Madame Eustache et Jeanne Houhou\u00a0\u00bb est form\u00e9, clin d&rsquo;oeil \u00e0 deux m\u00e9lodies fantaisistes de Poulenc.\u00a0<\/span><\/span><\/span><\/p>\n<p align=\"justify\"><span style=\"color: #000000;\"><span style=\"font-family: Arial, sans-serif;\"><span style=\"font-size: large;\">Dans le cabaret lyrique, il y a de la chanson, du caf\u00e9-concert, de l&rsquo;op\u00e9ra, de la com\u00e9die musicale. De la musique avant toute chose. <\/span><\/span><\/span><\/p>\n<p>&nbsp;<\/p>\n<p><iframe loading=\"lazy\" src=\"https:\/\/www.youtube.com\/embed\/cLAqiLlArGA\" width=\"560\" height=\"315\" frameborder=\"0\" allowfullscreen=\"allowfullscreen\"><\/iframe><\/p>\n","protected":false},"excerpt":{"rendered":"<p>Charlotte et Marion se rencontrent au CNIPAL \u00e0 Marseille. Elles se rencontrent donc autour du r\u00e9pertoire d&rsquo;op\u00e9ra et participent \u00e0 l&rsquo;ouverture de Marseille Provence 2013 sur la sc\u00e8ne de l&rsquo;Op\u00e9ra de Marseille. \u00a0Les origines lorraines de Charlotte, \u00e0 la fronti\u00e8re allemande, l&rsquo;inclinent tr\u00e8s t\u00f4t \u00e0 appr\u00e9cier les m\u00e9lodies de Weill. Je ne t&rsquo;aime pas. Youkali.&hellip; <a class=\"read-more\" href=\"http:\/\/www.marionliotard.com\/index.php\/spectacles-lyriques\/cabaret-lyrique\/\">Read More<\/a><\/p>\n","protected":false},"author":1,"featured_media":0,"parent":30,"menu_order":1,"comment_status":"closed","ping_status":"closed","template":"","meta":[],"_links":{"self":[{"href":"http:\/\/www.marionliotard.com\/index.php\/wp-json\/wp\/v2\/pages\/42"}],"collection":[{"href":"http:\/\/www.marionliotard.com\/index.php\/wp-json\/wp\/v2\/pages"}],"about":[{"href":"http:\/\/www.marionliotard.com\/index.php\/wp-json\/wp\/v2\/types\/page"}],"author":[{"embeddable":true,"href":"http:\/\/www.marionliotard.com\/index.php\/wp-json\/wp\/v2\/users\/1"}],"replies":[{"embeddable":true,"href":"http:\/\/www.marionliotard.com\/index.php\/wp-json\/wp\/v2\/comments?post=42"}],"version-history":[{"count":8,"href":"http:\/\/www.marionliotard.com\/index.php\/wp-json\/wp\/v2\/pages\/42\/revisions"}],"predecessor-version":[{"id":257,"href":"http:\/\/www.marionliotard.com\/index.php\/wp-json\/wp\/v2\/pages\/42\/revisions\/257"}],"up":[{"embeddable":true,"href":"http:\/\/www.marionliotard.com\/index.php\/wp-json\/wp\/v2\/pages\/30"}],"wp:attachment":[{"href":"http:\/\/www.marionliotard.com\/index.php\/wp-json\/wp\/v2\/media?parent=42"}],"curies":[{"name":"wp","href":"https:\/\/api.w.org\/{rel}","templated":true}]}}