{"id":30,"date":"2016-10-04T21:58:54","date_gmt":"2016-10-04T19:58:54","guid":{"rendered":"http:\/\/www.marionliotard.com\/?page_id=30"},"modified":"2016-11-14T21:31:32","modified_gmt":"2016-11-14T20:31:32","slug":"spectacles-lyriques","status":"publish","type":"page","link":"http:\/\/www.marionliotard.com\/index.php\/spectacles-lyriques\/","title":{"rendered":"Spectacles Lyriques"},"content":{"rendered":"<p>&nbsp;<\/p>\n<p><img decoding=\"async\" loading=\"lazy\" class=\"size-medium wp-image-70 alignleft\" src=\"http:\/\/www.marionliotard.com\/wp-content\/uploads\/2016\/10\/Carmen-Chor\u00e9gies-4-300x200.jpg\" alt=\"carmen-choregies-4\" width=\"300\" height=\"200\" srcset=\"http:\/\/www.marionliotard.com\/wp-content\/uploads\/2016\/10\/Carmen-Chor\u00e9gies-4-300x200.jpg 300w, http:\/\/www.marionliotard.com\/wp-content\/uploads\/2016\/10\/Carmen-Chor\u00e9gies-4-768x512.jpg 768w, http:\/\/www.marionliotard.com\/wp-content\/uploads\/2016\/10\/Carmen-Chor\u00e9gies-4-1024x683.jpg 1024w, http:\/\/www.marionliotard.com\/wp-content\/uploads\/2016\/10\/Carmen-Chor\u00e9gies-4.jpg 1501w\" sizes=\"(max-width: 300px) 100vw, 300px\" \/><\/p>\n<p style=\"text-align: justify;\"><span style=\"font-size: 14pt;\">Depuis des ann\u00e9es j&rsquo;imagine, con\u00e7ois et participe \u00e0 des spectacles lyriques ou des r\u00e9citals lyriques. J&rsquo;aime la vari\u00e9t\u00e9 du r\u00e9pertoire, des genres, des \u00e9poques, des styles&#8230;J&rsquo;aime transformer mon piano en orchestre et moi-m\u00eame en chef d&rsquo;orchestre ou au contraire tisser des liens intimes entre le piano et la voix dans de la musique de chambre.\u00a0<img decoding=\"async\" loading=\"lazy\" class=\"size-medium wp-image-60 alignright\" src=\"http:\/\/www.marionliotard.com\/wp-content\/uploads\/2016\/10\/R\u00e9cital-5-300x200.jpg\" alt=\"recital-5\" width=\"300\" height=\"200\" srcset=\"http:\/\/www.marionliotard.com\/wp-content\/uploads\/2016\/10\/R\u00e9cital-5-300x200.jpg 300w, http:\/\/www.marionliotard.com\/wp-content\/uploads\/2016\/10\/R\u00e9cital-5.jpg 500w\" sizes=\"(max-width: 300px) 100vw, 300px\" \/><\/span><\/p>\n<p style=\"text-align: justify;\"><span style=\"font-size: 14pt;\">Vous pouvez trouver sur cette page des informations sur les spectacles qui me tiennent particuli\u00e8rement \u00e0 coeur en ce moment comme le\u00a0<em><a href=\"http:\/\/www.marionliotard.com\/index.php\/spectacles-lyriques\/cabaret-lyrique\/\">Cabaret lyrique<\/a>\u00a0de Madame Eustache et Jeanne Houhou,<\/em>\u00a0ou<em>\u00a0<a href=\"http:\/\/www.marionliotard.com\/index.php\/spectacles-lyriques\/un-brasier-detoiles\/\">Un brasier d&rsquo;\u00e9toiles<\/a>\u00a0&#8230;\u00a0<\/em>N&rsquo;h\u00e9sitez pas aussi \u00e0 me contacter si cela vous int\u00e9resse de programmer un de ces spectacles, ou si vous avez envie d&rsquo;en cr\u00e9er un nouveau avec moi! Je ne suis jamais \u00e0 court d&rsquo;id\u00e9es!<\/span><\/p>\n<p style=\"text-align: justify;\"><strong><span style=\"font-size: 14pt;\"><img decoding=\"async\" loading=\"lazy\" class=\" wp-image-56 alignleft\" src=\"http:\/\/www.marionliotard.com\/wp-content\/uploads\/2016\/10\/R\u00e9cital-1-300x225.jpg\" alt=\"recital-1\" width=\"292\" height=\"220\" srcset=\"http:\/\/www.marionliotard.com\/wp-content\/uploads\/2016\/10\/R\u00e9cital-1-300x225.jpg 300w, http:\/\/www.marionliotard.com\/wp-content\/uploads\/2016\/10\/R\u00e9cital-1.jpg 500w\" sizes=\"(max-width: 292px) 100vw, 292px\" \/>Cliquez sur les liens suivants pour en savoir plus!<\/span><\/strong><\/p>\n<p style=\"text-align: justify;\"><span style=\"color: #ffffff;\">&#8211;<\/span><\/p>\n<p style=\"text-align: justify;\"><a href=\"http:\/\/www.marionliotard.com\/index.php\/spectacles-lyriques\/cabaret-lyrique\/\"><em><span style=\"font-size: 14pt;\">Le cabaret lyrique de Madame Eustache et Jeanne Houhou<\/span><\/em><\/a><\/p>\n<p style=\"text-align: justify;\"><a href=\"http:\/\/www.marionliotard.com\/index.php\/spectacles-lyriques\/un-brasier-detoiles\/\"><em><span style=\"font-size: 14pt;\">Un brasier d&rsquo;\u00e9toiles<\/span><\/em><\/a><\/p>\n<p style=\"text-align: justify;\"><a href=\"http:\/\/www.marionliotard.com\/?page_id=130&amp;preview=true\"><em><span style=\"font-size: 14pt;\">La route de la soie<\/span><\/em><\/a><\/p>\n<p style=\"text-align: justify;\"><em><span style=\"font-size: 14pt;\">Debussy: Aquarelles intimes<img decoding=\"async\" loading=\"lazy\" class=\" wp-image-47 alignleft\" src=\"http:\/\/www.marionliotard.com\/wp-content\/uploads\/2016\/10\/Bozar-2014-3-300x200.jpg\" alt=\"bozar-2014-3\" width=\"288\" height=\"192\" srcset=\"http:\/\/www.marionliotard.com\/wp-content\/uploads\/2016\/10\/Bozar-2014-3-300x200.jpg 300w, http:\/\/www.marionliotard.com\/wp-content\/uploads\/2016\/10\/Bozar-2014-3.jpg 500w\" sizes=\"(max-width: 288px) 100vw, 288px\" \/><\/span><\/em><\/p>\n<p style=\"text-align: justify;\"><a href=\"http:\/\/www.marionliotard.com\/index.php\/spectacles-lyriques\/soy-mucho-mas\/\"><em><span style=\"font-size: 14pt;\">Soy mucho mas<\/span><\/em><\/a><\/p>\n<p style=\"text-align: justify;\"><a href=\"http:\/\/www.marionliotard.com\/?page_id=139&amp;preview=true\"><em><span style=\"font-size: 14pt;\">Soprano savante&#8230; basse ridicule&#8230;<\/span><\/em><\/a><\/p>\n<p style=\"text-align: justify;\">\n","protected":false},"excerpt":{"rendered":"<p>&nbsp; Depuis des ann\u00e9es j&rsquo;imagine, con\u00e7ois et participe \u00e0 des spectacles lyriques ou des r\u00e9citals lyriques. J&rsquo;aime la vari\u00e9t\u00e9 du r\u00e9pertoire, des genres, des \u00e9poques, des styles&#8230;J&rsquo;aime transformer mon piano en orchestre et moi-m\u00eame en chef d&rsquo;orchestre ou au contraire tisser des liens intimes entre le piano et la voix dans de la musique de&hellip; <a class=\"read-more\" href=\"http:\/\/www.marionliotard.com\/index.php\/spectacles-lyriques\/\">Read More<\/a><\/p>\n","protected":false},"author":1,"featured_media":0,"parent":0,"menu_order":4,"comment_status":"closed","ping_status":"closed","template":"","meta":[],"_links":{"self":[{"href":"http:\/\/www.marionliotard.com\/index.php\/wp-json\/wp\/v2\/pages\/30"}],"collection":[{"href":"http:\/\/www.marionliotard.com\/index.php\/wp-json\/wp\/v2\/pages"}],"about":[{"href":"http:\/\/www.marionliotard.com\/index.php\/wp-json\/wp\/v2\/types\/page"}],"author":[{"embeddable":true,"href":"http:\/\/www.marionliotard.com\/index.php\/wp-json\/wp\/v2\/users\/1"}],"replies":[{"embeddable":true,"href":"http:\/\/www.marionliotard.com\/index.php\/wp-json\/wp\/v2\/comments?post=30"}],"version-history":[{"count":18,"href":"http:\/\/www.marionliotard.com\/index.php\/wp-json\/wp\/v2\/pages\/30\/revisions"}],"predecessor-version":[{"id":266,"href":"http:\/\/www.marionliotard.com\/index.php\/wp-json\/wp\/v2\/pages\/30\/revisions\/266"}],"wp:attachment":[{"href":"http:\/\/www.marionliotard.com\/index.php\/wp-json\/wp\/v2\/media?parent=30"}],"curies":[{"name":"wp","href":"https:\/\/api.w.org\/{rel}","templated":true}]}}