{"id":281,"date":"2017-03-21T18:09:03","date_gmt":"2017-03-21T17:09:03","guid":{"rendered":"http:\/\/www.marionliotard.com\/?page_id=281"},"modified":"2017-09-25T10:55:08","modified_gmt":"2017-09-25T08:55:08","slug":"compositrices","status":"publish","type":"page","link":"http:\/\/www.marionliotard.com\/index.php\/compositrices\/","title":{"rendered":"Compositrices"},"content":{"rendered":"<p>&nbsp;<\/p>\n<p align=\"justify\"><span style=\"font-family: Arimo, sans-serif; font-size: 12pt;\">L&rsquo;int\u00e9r\u00eat que je porte aux compositrices est n\u00e9 lorsqu&rsquo;\u00e0 20 ans, alors jeune \u00e9tudiante en musicologie et toujours apprentie pianiste, j&rsquo;ai assist\u00e9 \u00e0 un programme de concert qui leur \u00e9tait enti\u00e8rement d\u00e9di\u00e9. J&rsquo;ai r\u00e9alis\u00e9 que depuis le d\u00e9but de mes \u00e9tudes, personne ne m&rsquo;avait invit\u00e9e \u00e0 d\u00e9couvrir l&rsquo;oeuvre musicale compos\u00e9e par une femme et que, moi-m\u00eame, je ne m&rsquo;\u00e9tais jamais interrog\u00e9e sur le sujet.<\/span><\/p>\n<p align=\"justify\"><span style=\"font-family: Arimo, sans-serif; font-size: 12pt;\">J\u2019ai d\u00e9couvert au cours de mes lectures de nombreux noms et parcours passionnants de compositrices. Chacune d\u2019entre elles n\u2019a pas connu le m\u00eame sort et n\u2019a pas rencontr\u00e9 les m\u00eames difficult\u00e9s pour se faire une place dans le milieu artistique. Tout d\u00e9pend du pays dans lequel elles se trouvent, des circonstances sociales, politiques de l\u2019\u00e9poque\u2026<\/span><\/p>\n<p align=\"justify\"><span style=\"font-size: 12pt;\"><span style=\"font-family: Arimo, sans-serif;\">J&rsquo;ai particuli\u00e8rement \u00e9tudi\u00e9 l&rsquo;oeuvre et la vie de Louise Farrenc en lui consacrant un m\u00e9moire de ma\u00eetrise \u00e0 propos de ses deux quintettes avec piano.\u00a0<\/span><span style=\"font-family: Arimo, sans-serif;\">L&rsquo;\u00e9tude de l&rsquo;oeuvre de cette femme\u00a0<\/span><span style=\"font-family: Arial, sans-serif;\">m\u2019a interrog\u00e9e sur de nombreux points\u00a0: pourquoi ses \u0153uvres \u00e0 la qualit\u00e9 reconnue sont-elles tomb\u00e9es dans l\u2019oubli\u00a0? Existe-t-il une diff\u00e9rence r\u00e9elle dans la mani\u00e8re de composer entre un homme et une femme\u00a0? Ses \u0153uvres serait-elles mieux connues si elle avait \u00e9t\u00e9 un homme\u00a0?<\/span><\/span><\/p>\n<p align=\"justify\"><span style=\"font-family: Arimo, sans-serif; font-size: 12pt;\">J&rsquo;ai eu le grand plaisir de jouer ces deux quintettes et , depuis, j&rsquo;essaie d&rsquo;int\u00e9grer r\u00e9guli\u00e8rement des \u0153uvres de compositrices \u00e0 mes programmes de concert ou de leur en consacrer un en entier.<\/span><\/p>\n<p align=\"justify\"><span style=\"font-family: Arimo, sans-serif;\"><span style=\"font-size: medium;\"><span style=\"font-size: 12pt;\">Ce fut le cas \u00e0 Marignane le 8 Mars 2017.<\/span><\/span><\/span><\/p>\n<p align=\"justify\"><span style=\"font-family: Arimo, sans-serif;\"><span style=\"font-size: medium;\"><span style=\"font-size: 12pt;\"> Elisabeth Soulignac au violon et moi-m\u00eame au piano avons interpr\u00e9t\u00e9 la deuxi\u00e8me sonate de Louise Farrenc et la sonate de Mel <img decoding=\"async\" loading=\"lazy\" class=\"wp-image-286 alignright\" src=\"http:\/\/www.marionliotard.com\/wp-content\/uploads\/2017\/03\/IMG_2189-300x200.jpg\" alt=\"IMG_2189\" width=\"476\" height=\"318\" srcset=\"http:\/\/www.marionliotard.com\/wp-content\/uploads\/2017\/03\/IMG_2189-300x200.jpg 300w, http:\/\/www.marionliotard.com\/wp-content\/uploads\/2017\/03\/IMG_2189-768x512.jpg 768w, http:\/\/www.marionliotard.com\/wp-content\/uploads\/2017\/03\/IMG_2189-1024x683.jpg 1024w\" sizes=\"(max-width: 476px) 100vw, 476px\" \/>Bonis.<\/span><\/span><\/span><\/p>\n<p align=\"justify\"><a href=\"http:\/\/www.marionliotard.com\/?page_id=303&amp;preview=true\"><span style=\"font-family: Arimo, sans-serif;\"><span style=\"font-size: medium;\">D\u00e9couvrez le d\u00e9tail de ce programme<\/span><\/span><\/a><\/p>\n<p align=\"justify\"><span style=\"font-family: Arimo, sans-serif;\"><span style=\"font-size: medium;\"><span style=\"font-size: 12pt;\"><img decoding=\"async\" loading=\"lazy\" class=\" wp-image-285 alignleft\" src=\"http:\/\/www.marionliotard.com\/wp-content\/uploads\/2017\/03\/IMG_2126-300x200.jpg\" alt=\"IMG_2126\" width=\"403\" height=\"268\" srcset=\"http:\/\/www.marionliotard.com\/wp-content\/uploads\/2017\/03\/IMG_2126-300x200.jpg 300w, http:\/\/www.marionliotard.com\/wp-content\/uploads\/2017\/03\/IMG_2126-768x512.jpg 768w, http:\/\/www.marionliotard.com\/wp-content\/uploads\/2017\/03\/IMG_2126-1024x683.jpg 1024w\" sizes=\"(max-width: 403px) 100vw, 403px\" \/><\/span><\/span><\/span><\/p>\n","protected":false},"excerpt":{"rendered":"<p>&nbsp; L&rsquo;int\u00e9r\u00eat que je porte aux compositrices est n\u00e9 lorsqu&rsquo;\u00e0 20 ans, alors jeune \u00e9tudiante en musicologie et toujours apprentie pianiste, j&rsquo;ai assist\u00e9 \u00e0 un programme de concert qui leur \u00e9tait enti\u00e8rement d\u00e9di\u00e9. J&rsquo;ai r\u00e9alis\u00e9 que depuis le d\u00e9but de mes \u00e9tudes, personne ne m&rsquo;avait invit\u00e9e \u00e0 d\u00e9couvrir l&rsquo;oeuvre musicale compos\u00e9e par une femme et&hellip; <a class=\"read-more\" href=\"http:\/\/www.marionliotard.com\/index.php\/compositrices\/\">Read More<\/a><\/p>\n","protected":false},"author":1,"featured_media":0,"parent":0,"menu_order":0,"comment_status":"closed","ping_status":"closed","template":"","meta":[],"_links":{"self":[{"href":"http:\/\/www.marionliotard.com\/index.php\/wp-json\/wp\/v2\/pages\/281"}],"collection":[{"href":"http:\/\/www.marionliotard.com\/index.php\/wp-json\/wp\/v2\/pages"}],"about":[{"href":"http:\/\/www.marionliotard.com\/index.php\/wp-json\/wp\/v2\/types\/page"}],"author":[{"embeddable":true,"href":"http:\/\/www.marionliotard.com\/index.php\/wp-json\/wp\/v2\/users\/1"}],"replies":[{"embeddable":true,"href":"http:\/\/www.marionliotard.com\/index.php\/wp-json\/wp\/v2\/comments?post=281"}],"version-history":[{"count":19,"href":"http:\/\/www.marionliotard.com\/index.php\/wp-json\/wp\/v2\/pages\/281\/revisions"}],"predecessor-version":[{"id":342,"href":"http:\/\/www.marionliotard.com\/index.php\/wp-json\/wp\/v2\/pages\/281\/revisions\/342"}],"wp:attachment":[{"href":"http:\/\/www.marionliotard.com\/index.php\/wp-json\/wp\/v2\/media?parent=281"}],"curies":[{"name":"wp","href":"https:\/\/api.w.org\/{rel}","templated":true}]}}