{"id":246,"date":"2016-11-12T19:10:21","date_gmt":"2016-11-12T18:10:21","guid":{"rendered":"http:\/\/www.marionliotard.com\/?page_id=246"},"modified":"2023-03-28T16:49:20","modified_gmt":"2023-03-28T14:49:20","slug":"medias","status":"publish","type":"page","link":"http:\/\/www.marionliotard.com\/index.php\/medias\/","title":{"rendered":"M\u00e9dias"},"content":{"rendered":"\n<p class=\"has-medium-font-size\"><strong>\u00ab\u00a0Yo soy Maria\u00a0\u00bb extrait de F\u0112M\u012aNA r\u00e9cital avec Lorrie Garcia<\/strong> <strong>2022<\/strong><\/p>\n\n\n\n<figure class=\"wp-block-embed is-type-video is-provider-youtube wp-block-embed-youtube wp-embed-aspect-16-9 wp-has-aspect-ratio\"><div class=\"wp-block-embed__wrapper\">\n<iframe loading=\"lazy\" title=\"Lorrie GARCIA &quot; Yo soy Maria &quot; Astor PIAZZOLLA\" width=\"1170\" height=\"658\" src=\"https:\/\/www.youtube.com\/embed\/J65L4MMur3Q?feature=oembed\" frameborder=\"0\" allow=\"accelerometer; autoplay; clipboard-write; encrypted-media; gyroscope; picture-in-picture; web-share\" allowfullscreen><\/iframe>\n<\/div><\/figure>\n\n\n<p><span style=\"font-size: 14pt;\"><strong>Concert des R\u00e9v\u00e9lations des Victoires de la musique classique 2015<\/strong><\/span><\/p>\n<p><iframe loading=\"lazy\" src=\"\/\/www.dailymotion.com\/embed\/video\/x2dplkf\" width=\"480\" height=\"270\" frameborder=\"0\" allowfullscreen=\"allowfullscreen\"><\/iframe><br \/><a href=\"http:\/\/www.dailymotion.com\/video\/x2dplkf_romeo-et-juliette-ah-je-veux-vivre-de-gounod-par-anais-constans-revelations-des-victoires-de-la-musi_music\" target=\"_blank\" rel=\"noopener\">Rom\u00e9o et Juliette &#8211; \u00ab\u00a0Ah ! Je veux vivre\u00a0\u00bb de&#8230;<\/a> <i>par <a href=\"http:\/\/www.dailymotion.com\/francemusique\" target=\"_blank\" rel=\"noopener\">francemusique<\/a><\/i><\/p>\n<p>\u00a0<\/p>\n<p><span style=\"font-size: 14pt;\"><strong>Concert de la Commission Europ\u00e9enne- Bozar &#8211; Bruxelles<\/strong><\/span><\/p>\n<p><iframe loading=\"lazy\" src=\"https:\/\/www.youtube.com\/embed\/Xke9htxoeyE\" width=\"560\" height=\"315\" frameborder=\"0\" allowfullscreen=\"allowfullscreen\"><\/iframe><\/p>\n<p>\u00a0<\/p>\n<p><span style=\"font-size: 14pt;\"><strong>Concert des R\u00e9v\u00e9lations des Victoires de la musique 2015<\/strong><\/span><br \/><iframe loading=\"lazy\" src=\"\/\/www.dailymotion.com\/embed\/video\/x2dplkn\" width=\"480\" height=\"270\" frameborder=\"0\" allowfullscreen=\"allowfullscreen\"><\/iframe><br \/><a href=\"http:\/\/www.dailymotion.com\/video\/x2dplkn_melodie-les-chemins-de-l-amour-de-poulenc-par-anais-constans-revelations-des-victoires-de-la-musique_music\" target=\"_blank\" rel=\"noopener\">M\u00e9lodie \u00ab\u00a0Les chemins de l&rsquo;amour\u00a0\u00bb de Poulenc par&#8230;<\/a> <i>par <a href=\"http:\/\/www.dailymotion.com\/francemusique\" target=\"_blank\" rel=\"noopener\">francemusique<\/a><\/i><\/p>\n<p>\u00a0<\/p>\n<p><span style=\"font-size: 14pt;\"><strong>R\u00e9cital au Festival de Radio France &#8211; Montpellier<\/strong><\/span><\/p>\n<p><iframe loading=\"lazy\" src=\"https:\/\/www.youtube.com\/embed\/78xwa2z3-6I\" width=\"560\" height=\"315\" frameborder=\"0\" allowfullscreen=\"allowfullscreen\"><\/iframe><\/p>\n<p>\u00a0<\/p>\n<p><span style=\"font-size: 14pt;\"><strong>R\u00e9cital-lecture \u00ab\u00a0Un brasier d&rsquo;\u00e9toiles\u00a0\u00bb \u00a0Mont\u00e9limar<\/strong><\/span><\/p>\n<p><iframe loading=\"lazy\" src=\"https:\/\/www.youtube.com\/embed\/n0q0_8lwnZY\" width=\"560\" height=\"315\" frameborder=\"0\" allowfullscreen=\"allowfullscreen\"><\/iframe><\/p>\n<p><span style=\"color: #ffffff;\">&#8211;<\/span><br \/><strong><span style=\"font-size: 14pt;\">Le cabaret lyrique de Madame Eustache et Jeanne Houhou<\/span><\/strong><\/p>\n<p><iframe loading=\"lazy\" src=\"https:\/\/www.youtube.com\/embed\/cLAqiLlArGA\" width=\"560\" height=\"315\" frameborder=\"0\" allowfullscreen=\"allowfullscreen\"><\/iframe><\/p>\n<p>\u00a0<\/p>\n<p><span style=\"font-size: 14pt;\"><strong>M\u00e9d\u00e9e Kali &#8211; op\u00e9ra de chambre de Lionel Ginoux<\/strong><\/span><\/p>\n<p><iframe loading=\"lazy\" src=\"https:\/\/www.youtube.com\/embed\/BtZPilQe54s\" width=\"560\" height=\"315\" frameborder=\"0\" allowfullscreen=\"allowfullscreen\"><\/iframe><\/p>","protected":false},"excerpt":{"rendered":"<p>\u00ab\u00a0Yo soy Maria\u00a0\u00bb extrait de F\u0112M\u012aNA r\u00e9cital avec Lorrie Garcia 2022 Concert des R\u00e9v\u00e9lations des Victoires de la musique classique 2015 Rom\u00e9o et Juliette &#8211; \u00ab\u00a0Ah ! Je veux vivre\u00a0\u00bb de&#8230; par francemusique \u00a0 Concert de la Commission Europ\u00e9enne- Bozar &#8211; Bruxelles \u00a0 Concert des R\u00e9v\u00e9lations des Victoires de la musique 2015M\u00e9lodie \u00ab\u00a0Les chemins de&hellip; <a class=\"read-more\" href=\"http:\/\/www.marionliotard.com\/index.php\/medias\/\">Read More<\/a><\/p>\n","protected":false},"author":1,"featured_media":0,"parent":0,"menu_order":6,"comment_status":"closed","ping_status":"closed","template":"","meta":[],"_links":{"self":[{"href":"http:\/\/www.marionliotard.com\/index.php\/wp-json\/wp\/v2\/pages\/246"}],"collection":[{"href":"http:\/\/www.marionliotard.com\/index.php\/wp-json\/wp\/v2\/pages"}],"about":[{"href":"http:\/\/www.marionliotard.com\/index.php\/wp-json\/wp\/v2\/types\/page"}],"author":[{"embeddable":true,"href":"http:\/\/www.marionliotard.com\/index.php\/wp-json\/wp\/v2\/users\/1"}],"replies":[{"embeddable":true,"href":"http:\/\/www.marionliotard.com\/index.php\/wp-json\/wp\/v2\/comments?post=246"}],"version-history":[{"count":12,"href":"http:\/\/www.marionliotard.com\/index.php\/wp-json\/wp\/v2\/pages\/246\/revisions"}],"predecessor-version":[{"id":380,"href":"http:\/\/www.marionliotard.com\/index.php\/wp-json\/wp\/v2\/pages\/246\/revisions\/380"}],"wp:attachment":[{"href":"http:\/\/www.marionliotard.com\/index.php\/wp-json\/wp\/v2\/media?parent=246"}],"curies":[{"name":"wp","href":"https:\/\/api.w.org\/{rel}","templated":true}]}}