{"id":119,"date":"2016-11-02T19:31:17","date_gmt":"2016-11-02T18:31:17","guid":{"rendered":"http:\/\/www.marionliotard.com\/?page_id=119"},"modified":"2016-11-12T09:58:57","modified_gmt":"2016-11-12T08:58:57","slug":"un-brasier-detoiles","status":"publish","type":"page","link":"http:\/\/www.marionliotard.com\/index.php\/spectacles-lyriques\/un-brasier-detoiles\/","title":{"rendered":"Un brasier d&rsquo;\u00e9toiles"},"content":{"rendered":"<p><span style=\"font-size: 14pt;\"><img decoding=\"async\" loading=\"lazy\" class=\"size-medium wp-image-39 alignleft\" src=\"http:\/\/www.marionliotard.com\/wp-content\/uploads\/2016\/10\/2014-08-18-20.26.38-185x300.jpg\" alt=\"Villers-sur-mer Ao\u00fbt 2014\" width=\"185\" height=\"300\" srcset=\"http:\/\/www.marionliotard.com\/wp-content\/uploads\/2016\/10\/2014-08-18-20.26.38-185x300.jpg 185w, http:\/\/www.marionliotard.com\/wp-content\/uploads\/2016\/10\/2014-08-18-20.26.38.jpg 523w\" sizes=\"(max-width: 185px) 100vw, 185px\" \/><\/span><\/p>\n<p align=\"justify\"><span style=\"font-family: Arial, sans-serif;\">Nous travaillons ensemble, <a href=\"http:\/\/www.jennifermichelsoprano.com\/\" target=\"_blank\">Jennifer Michel<\/a> et moi-m\u00eame, avec un immense plaisir depuis plus de cinq ans et nous avons v\u00e9cu de magnifiques moments de partage et de complicit\u00e9 gr\u00e2ce \u00e0 la musique. C&rsquo;est toujours un grand bonheur pour nous de \u00abconcocter\u00bb un nouveau programme de concert ou de partager ensemble nos d\u00e9couvertes, nos coups de c\u0153ur&#8230;<\/span><\/p>\n<p align=\"justify\"><span style=\"font-family: Arial, sans-serif;\">Le coup de c\u0153ur de Marion c&rsquo;\u00e9tait \u00abUn brasier d&rsquo;\u00e9toiles\u00bb de <a href=\"https:\/\/lionelginoux.com\/\" target=\"_blank\">Lionel Ginoux<\/a>, \u00e9crit pour elle&#8230;c&rsquo;est devenu celui de Jennifer d\u00e8s qu&rsquo;elle l&rsquo;a d\u00e9couvert! L&rsquo;id\u00e9e d&rsquo;enregistrer cette musique et ces mots sublimes nous a paru naturelle. Nous avons aim\u00e9 la po\u00e9sie amoureuse d&rsquo;Alain Borne, si sensuelle, color\u00e9e, d\u00e9sesp\u00e9r\u00e9e\u2026 Nous avons ador\u00e9 la proposition musicale de Lionel Ginoux pour mettre en valeur cet univers po\u00e9tique. Sa musique se place \u00e0 la fronti\u00e8re entre les musiques savantes et la musique populaire, la po\u00e9sie du texte reste pr\u00e9sente et n&rsquo;est pas sacrifi\u00e9e au profit d&rsquo;effets musicaux inutilement complexes. Nous sommes toujours surprises d&rsquo;arriver \u00e0 la fin de ce long cycle de pr\u00e8s de quarante minutes et de n&rsquo;avoir qu&rsquo;une seule envie: recommencer du d\u00e9but!<\/span><\/p>\n<p align=\"justify\"><span style=\"font-family: Arial, sans-serif;\">Le choix d&rsquo;Henri Tomasi a \u00e9t\u00e9 aussi \u00e9vident: nous avions toutes deux dans nos tiroirs depuis des ann\u00e9es des partitions qui attendaient patiemment leur tour d&rsquo;\u00eatre pos\u00e9es sur le pupitre! Jennifer et le \u00abChant de la f\u00e9e des Iles\u00bb et Marion les \u00abChansons de Ge\u00efshas\u00bb. Il \u00e9tait clair pour nous qu&rsquo;enregistrer un premier disque ensemble n&rsquo;avait de sens que pour graver des musiques nouvelles ou oubli\u00e9es. <\/span><\/p>\n<p align=\"justify\"><span style=\"font-family: Arial, sans-serif;\">Claude Tomasi nous a aimablement donn\u00e9 des partitions d&rsquo;oeuvres pour voix et piano de son p\u00e8re afin que nous puissions faire notre choix. Les \u00abCantu di Cirnu\u00bb nous ont s\u00e9duites imm\u00e9diatement, et il nous a paru juste de choisir des m\u00e9lodies en corse pour cet amoureux de la M\u00e9diterran\u00e9e qu&rsquo;\u00e9tait Henri Tomasi.<img decoding=\"async\" loading=\"lazy\" class=\"size-medium wp-image-79 alignright\" src=\"http:\/\/www.marionliotard.com\/wp-content\/uploads\/2016\/10\/Limoges-Brasier-3-300x225.jpg\" alt=\"limoges-brasier-3\" width=\"300\" height=\"225\" srcset=\"http:\/\/www.marionliotard.com\/wp-content\/uploads\/2016\/10\/Limoges-Brasier-3-300x225.jpg 300w, http:\/\/www.marionliotard.com\/wp-content\/uploads\/2016\/10\/Limoges-Brasier-3.jpg 500w\" sizes=\"(max-width: 300px) 100vw, 300px\" \/> <\/span><\/p>\n<p align=\"justify\"><span style=\"font-family: Arial, sans-serif;\">La M\u00e9diterran\u00e9e\u2026 la Provence&#8230;nos racines \u00e0 tous les quatre: Henri, Lionel, Jennifer et Marion&#8230;Un hasard?<\/span><\/p>\n<p align=\"justify\"><span style=\"font-size: 14pt;\">Du programme de ce disque est n\u00e9 un programme de r\u00e9cital, donn\u00e9 le 8 Octobre 2016 \u00e0 l&rsquo;Op\u00e9ra de Limoges.<\/span><\/p>\n<ul>\n<li><span style=\"font-size: 14pt;\">4 \u00ab\u00a0Cantu di Cirnu\u00a0\u00bb de Henri Tomasi<\/span><\/li>\n<li><span style=\"font-size: 14pt;\">4 \u00ab\u00a0Chansons de Geishas\u00a0\u00bb de Henri Tomasi<\/span><\/li>\n<li><span style=\"font-size: 14pt;\">\u00ab\u00a0Un brasier d&rsquo;\u00e9toiles\u00a0\u00bb de <a href=\"https:\/\/lionelginoux.com\/\" target=\"_blank\">Lionel Ginoux<\/a><\/span><\/li>\n<\/ul>\n<p>&nbsp;<\/p>\n<p style=\"text-align: justify;\">\n","protected":false},"excerpt":{"rendered":"<p>Nous travaillons ensemble, Jennifer Michel et moi-m\u00eame, avec un immense plaisir depuis plus de cinq ans et nous avons v\u00e9cu de magnifiques moments de partage et de complicit\u00e9 gr\u00e2ce \u00e0 la musique. C&rsquo;est toujours un grand bonheur pour nous de \u00abconcocter\u00bb un nouveau programme de concert ou de partager ensemble nos d\u00e9couvertes, nos coups de&hellip; <a class=\"read-more\" href=\"http:\/\/www.marionliotard.com\/index.php\/spectacles-lyriques\/un-brasier-detoiles\/\">Read More<\/a><\/p>\n","protected":false},"author":1,"featured_media":0,"parent":30,"menu_order":2,"comment_status":"closed","ping_status":"closed","template":"","meta":[],"_links":{"self":[{"href":"http:\/\/www.marionliotard.com\/index.php\/wp-json\/wp\/v2\/pages\/119"}],"collection":[{"href":"http:\/\/www.marionliotard.com\/index.php\/wp-json\/wp\/v2\/pages"}],"about":[{"href":"http:\/\/www.marionliotard.com\/index.php\/wp-json\/wp\/v2\/types\/page"}],"author":[{"embeddable":true,"href":"http:\/\/www.marionliotard.com\/index.php\/wp-json\/wp\/v2\/users\/1"}],"replies":[{"embeddable":true,"href":"http:\/\/www.marionliotard.com\/index.php\/wp-json\/wp\/v2\/comments?post=119"}],"version-history":[{"count":7,"href":"http:\/\/www.marionliotard.com\/index.php\/wp-json\/wp\/v2\/pages\/119\/revisions"}],"predecessor-version":[{"id":217,"href":"http:\/\/www.marionliotard.com\/index.php\/wp-json\/wp\/v2\/pages\/119\/revisions\/217"}],"up":[{"embeddable":true,"href":"http:\/\/www.marionliotard.com\/index.php\/wp-json\/wp\/v2\/pages\/30"}],"wp:attachment":[{"href":"http:\/\/www.marionliotard.com\/index.php\/wp-json\/wp\/v2\/media?parent=119"}],"curies":[{"name":"wp","href":"https:\/\/api.w.org\/{rel}","templated":true}]}}